{"id":14802,"date":"2021-04-02T09:53:18","date_gmt":"2021-04-02T07:53:18","guid":{"rendered":"https:\/\/banneux-nd.be\/acogida-y-centros-espirituales\/"},"modified":"2024-01-11T11:15:00","modified_gmt":"2024-01-11T10:15:00","slug":"acogida-y-centros-espirituales","status":"publish","type":"page","link":"https:\/\/test.banneux-nd.be\/es\/acogida-y-centros-espirituales\/","title":{"rendered":"Acogida y centros espirituales"},"content":{"rendered":"<p><strong>Albergue de Chaityfontaine (60 camas)<\/strong><\/p>\n<table style=\"width: 766px;\">\n<tbody>\n<tr>\n<td style=\"width: 405px;\" width=\"302\">\n<p style=\"text-align: center;\">Recepci\u00f3n de grupos y recepci\u00f3n individual.<br \/>\nRecepci\u00f3n de enfermos<br \/>\ny discapacitados acompa\u00f1ados.<br \/>\nCursos de retiro espirituales,<br \/>\nseminarios, retiros, &#8230;<\/p>\n<p style=\"text-align: center;\">Chaityfontaine 8<br \/>\nBE &#8211; 4860 PEPINSTER<br \/>\n+32 4 360 91 71<\/p>\n<p style=\"text-align: center;\"><a href=\"mailto:chaityfontaine@banneux-nd.be\">chaityfontaine@banneux-nd.be<\/a><\/p>\n<p style=\"text-align: center;\">\n<\/td>\n<td style=\"width: 361px;\" width=\"302\"><img loading=\"lazy\" decoding=\"async\" class=\"aligncenter size-full wp-image-10134\" src=\"https:\/\/test.banneux-nd.be\/wp-content\/uploads\/2018\/08\/Chaityfontaine-PF.jpg\" alt=\"\" width=\"1200\" height=\"900\" srcset=\"https:\/\/test.banneux-nd.be\/wp-content\/uploads\/2018\/08\/Chaityfontaine-PF.jpg 1200w, https:\/\/test.banneux-nd.be\/wp-content\/uploads\/2018\/08\/Chaityfontaine-PF-300x225.jpg 300w, https:\/\/test.banneux-nd.be\/wp-content\/uploads\/2018\/08\/Chaityfontaine-PF-768x576.jpg 768w, https:\/\/test.banneux-nd.be\/wp-content\/uploads\/2018\/08\/Chaityfontaine-PF-1024x768.jpg 1024w\" sizes=\"(max-width: 1200px) 100vw, 1200px\" \/><\/td>\n<\/tr>\n<\/tbody>\n<\/table>\n<p style=\"text-align: center;\"><a href=\"http:\/\/www.chaityfontaine.eu\/\" target=\"_blank\" rel=\"noopener noreferrer\"><strong>www.chaityfontaine.eu<\/strong><\/a><\/p>\n<hr \/>\n<p><strong>Hospitalidad de Notre-Dame (360 camas)<\/strong><\/p>\n<p>En temporada: recepci\u00f3n de triduos con enfermos.<br \/>\nFuera de temporada: acogida de grupos, (cursos de) retiro, seminarios, etc.<\/p>\n<p>rue de l&#8217;Esplanade 57 &#8211; BE &#8211; 4141 BANNEUX ND<br \/>\n+32 4 360 02 22<\/p>\n<hr \/>\n<p><strong>Comunidad Saint-Jean &#8211; Priorato<em> Regina pacis<\/em><\/strong><\/p>\n<p>Acogida grupos y acogida individual<\/p>\n<p>rue de la Sapini\u00e8re 50 &#8211; BE &#8211; 4141 BANNEUX ND<br \/>\n+32 4 360 01 20 &#8211; <a href=\"mailto:freres@stjean-banneux.com\">freres@stjean-banneux.com<\/a><\/p>\n<p style=\"text-align: center;\"><a href=\"https:\/\/stjean-banneux.com\/\" target=\"_blank\" rel=\"noopener noreferrer\"><strong>www.stjean-banneux.com<\/strong><\/a><\/p>\n<hr \/>\n<p><strong>Poverello<\/strong><br \/>\nSe admiten grupos para picnics; cursos de retiro para j\u00f3venes<\/p>\n<p>ruta de Theux 85 &#8211; BE &#8211; 4141 BANNEUX ND<br \/>\n+32 4 360 93 63<\/p>\n<p style=\"text-align: center;\"><strong><a href=\"http:\/\/www.poverello.be\" target=\"_blank\" rel=\"noopener noreferrer\">www.poverello.be<\/a><\/strong><\/p>\n<hr \/>\n<p>&nbsp;<\/p>\n","protected":false},"excerpt":{"rendered":"<p>Albergue de Chaityfontaine (60 camas) Recepci\u00f3n de grupos y recepci\u00f3n individual. Recepci\u00f3n de enfermos y discapacitados acompa\u00f1ados. Cursos de retiro espirituales, seminarios, retiros, &#8230; Chaityfontaine 8 BE &#8211; 4860 PEPINSTER +32 4 360 91 71 chaityfontaine@banneux-nd.be www.chaityfontaine.eu Hospitalidad de Notre-Dame (360 camas) En temporada: recepci\u00f3n de triduos con enfermos. Fuera de temporada: acogida de grupos, (cursos de) retiro, seminarios, etc. rue de l&#8217;Esplanade 57 &#8211; BE &#8211; 4141 BANNEUX ND +32 4 360 02 22 Comunidad Saint-Jean &#8211; Priorato Regina pacis Acogida grupos y acogida individual rue de la Sapini\u00e8re 50 &#8211; BE &#8211; 4141 BANNEUX ND +32 4 360 01 20 &#8211; freres@stjean-banneux.com www.stjean-banneux.com Poverello Se admiten grupos para picnics; cursos de retiro para j\u00f3venes ruta de Theux 85&hellip;<\/p>\n","protected":false},"author":2,"featured_media":0,"parent":0,"menu_order":0,"comment_status":"closed","ping_status":"closed","template":"","meta":{"advgb_blocks_editor_width":"","advgb_blocks_columns_visual_guide":"","footnotes":""},"class_list":["post-14802","page","type-page","status-publish","hentry"],"yoast_head":"<!-- This site is optimized with the Yoast SEO plugin v25.6 - https:\/\/yoast.com\/wordpress\/plugins\/seo\/ -->\n<title>Acogida y centros espirituales - Banneux Notre-Dame<\/title>\n<meta name=\"robots\" content=\"index, follow, max-snippet:-1, max-image-preview:large, max-video-preview:-1\" \/>\n<link rel=\"canonical\" href=\"https:\/\/test.banneux-nd.be\/es\/acogida-y-centros-espirituales\/\" \/>\n<meta property=\"og:locale\" content=\"es_ES\" \/>\n<meta property=\"og:type\" content=\"article\" \/>\n<meta property=\"og:title\" content=\"Acogida y centros espirituales - Banneux Notre-Dame\" \/>\n<meta property=\"og:description\" content=\"Albergue de Chaityfontaine (60 camas) Recepci\u00f3n de grupos y recepci\u00f3n individual. Recepci\u00f3n de enfermos y discapacitados acompa\u00f1ados. Cursos de retiro espirituales, seminarios, retiros, &#8230; Chaityfontaine 8 BE &#8211; 4860 PEPINSTER +32 4 360 91 71 chaityfontaine@banneux-nd.be www.chaityfontaine.eu Hospitalidad de Notre-Dame (360 camas) En temporada: recepci\u00f3n de triduos con enfermos. Fuera de temporada: acogida de grupos, (cursos de) retiro, seminarios, etc. rue de l&#8217;Esplanade 57 &#8211; BE &#8211; 4141 BANNEUX ND +32 4 360 02 22 Comunidad Saint-Jean &#8211; Priorato Regina pacis Acogida grupos y acogida individual rue de la Sapini\u00e8re 50 &#8211; BE &#8211; 4141 BANNEUX ND +32 4 360 01 20 &#8211; freres@stjean-banneux.com www.stjean-banneux.com Poverello Se admiten grupos para picnics; cursos de retiro para j\u00f3venes ruta de Theux 85&hellip;\" \/>\n<meta property=\"og:url\" content=\"https:\/\/test.banneux-nd.be\/es\/acogida-y-centros-espirituales\/\" \/>\n<meta property=\"og:site_name\" content=\"Banneux Notre-Dame\" \/>\n<meta property=\"article:publisher\" content=\"https:\/\/www.facebook.com\/NDBanneux\/\" \/>\n<meta property=\"article:modified_time\" content=\"2024-01-11T10:15:00+00:00\" \/>\n<meta property=\"og:image\" content=\"https:\/\/test.banneux-nd.be\/wp-content\/uploads\/2018\/08\/Chaityfontaine-PF.jpg\" \/>\n<meta name=\"twitter:card\" content=\"summary_large_image\" \/>\n<meta name=\"twitter:label1\" content=\"Tiempo de lectura\" \/>\n\t<meta name=\"twitter:data1\" content=\"1 minuto\" \/>\n<script type=\"application\/ld+json\" class=\"yoast-schema-graph\">{\"@context\":\"https:\/\/schema.org\",\"@graph\":[{\"@type\":\"WebPage\",\"@id\":\"https:\/\/test.banneux-nd.be\/es\/acogida-y-centros-espirituales\/\",\"url\":\"https:\/\/test.banneux-nd.be\/es\/acogida-y-centros-espirituales\/\",\"name\":\"Acogida y centros espirituales - Banneux Notre-Dame\",\"isPartOf\":{\"@id\":\"https:\/\/test.banneux-nd.be\/es\/#website\"},\"primaryImageOfPage\":{\"@id\":\"https:\/\/test.banneux-nd.be\/es\/acogida-y-centros-espirituales\/#primaryimage\"},\"image\":{\"@id\":\"https:\/\/test.banneux-nd.be\/es\/acogida-y-centros-espirituales\/#primaryimage\"},\"thumbnailUrl\":\"https:\/\/test.banneux-nd.be\/wp-content\/uploads\/2018\/08\/Chaityfontaine-PF.jpg\",\"datePublished\":\"2021-04-02T07:53:18+00:00\",\"dateModified\":\"2024-01-11T10:15:00+00:00\",\"breadcrumb\":{\"@id\":\"https:\/\/test.banneux-nd.be\/es\/acogida-y-centros-espirituales\/#breadcrumb\"},\"inLanguage\":\"es\",\"potentialAction\":[{\"@type\":\"ReadAction\",\"target\":[\"https:\/\/test.banneux-nd.be\/es\/acogida-y-centros-espirituales\/\"]}]},{\"@type\":\"ImageObject\",\"inLanguage\":\"es\",\"@id\":\"https:\/\/test.banneux-nd.be\/es\/acogida-y-centros-espirituales\/#primaryimage\",\"url\":\"https:\/\/test.banneux-nd.be\/wp-content\/uploads\/2018\/08\/Chaityfontaine-PF.jpg\",\"contentUrl\":\"https:\/\/test.banneux-nd.be\/wp-content\/uploads\/2018\/08\/Chaityfontaine-PF.jpg\"},{\"@type\":\"BreadcrumbList\",\"@id\":\"https:\/\/test.banneux-nd.be\/es\/acogida-y-centros-espirituales\/#breadcrumb\",\"itemListElement\":[{\"@type\":\"ListItem\",\"position\":1,\"name\":\"Accueil\",\"item\":\"https:\/\/test.banneux-nd.be\/es\/\"},{\"@type\":\"ListItem\",\"position\":2,\"name\":\"Acogida y centros espirituales\"}]},{\"@type\":\"WebSite\",\"@id\":\"https:\/\/test.banneux-nd.be\/es\/#website\",\"url\":\"https:\/\/test.banneux-nd.be\/es\/\",\"name\":\"Banneux Notre-Dame\",\"description\":\"Sanctuaire de la Vierge des Pauvres (Belgique)\",\"potentialAction\":[{\"@type\":\"SearchAction\",\"target\":{\"@type\":\"EntryPoint\",\"urlTemplate\":\"https:\/\/test.banneux-nd.be\/es\/?s={search_term_string}\"},\"query-input\":{\"@type\":\"PropertyValueSpecification\",\"valueRequired\":true,\"valueName\":\"search_term_string\"}}],\"inLanguage\":\"es\"}]}<\/script>\n<!-- \/ Yoast SEO plugin. -->","yoast_head_json":{"title":"Acogida y centros espirituales - Banneux Notre-Dame","robots":{"index":"index","follow":"follow","max-snippet":"max-snippet:-1","max-image-preview":"max-image-preview:large","max-video-preview":"max-video-preview:-1"},"canonical":"https:\/\/test.banneux-nd.be\/es\/acogida-y-centros-espirituales\/","og_locale":"es_ES","og_type":"article","og_title":"Acogida y centros espirituales - Banneux Notre-Dame","og_description":"Albergue de Chaityfontaine (60 camas) Recepci\u00f3n de grupos y recepci\u00f3n individual. Recepci\u00f3n de enfermos y discapacitados acompa\u00f1ados. Cursos de retiro espirituales, seminarios, retiros, &#8230; Chaityfontaine 8 BE &#8211; 4860 PEPINSTER +32 4 360 91 71 chaityfontaine@banneux-nd.be www.chaityfontaine.eu Hospitalidad de Notre-Dame (360 camas) En temporada: recepci\u00f3n de triduos con enfermos. Fuera de temporada: acogida de grupos, (cursos de) retiro, seminarios, etc. rue de l&#8217;Esplanade 57 &#8211; BE &#8211; 4141 BANNEUX ND +32 4 360 02 22 Comunidad Saint-Jean &#8211; Priorato Regina pacis Acogida grupos y acogida individual rue de la Sapini\u00e8re 50 &#8211; BE &#8211; 4141 BANNEUX ND +32 4 360 01 20 &#8211; freres@stjean-banneux.com www.stjean-banneux.com Poverello Se admiten grupos para picnics; cursos de retiro para j\u00f3venes ruta de Theux 85&hellip;","og_url":"https:\/\/test.banneux-nd.be\/es\/acogida-y-centros-espirituales\/","og_site_name":"Banneux Notre-Dame","article_publisher":"https:\/\/www.facebook.com\/NDBanneux\/","article_modified_time":"2024-01-11T10:15:00+00:00","og_image":[{"url":"https:\/\/test.banneux-nd.be\/wp-content\/uploads\/2018\/08\/Chaityfontaine-PF.jpg","type":"","width":"","height":""}],"twitter_card":"summary_large_image","twitter_misc":{"Tiempo de lectura":"1 minuto"},"schema":{"@context":"https:\/\/schema.org","@graph":[{"@type":"WebPage","@id":"https:\/\/test.banneux-nd.be\/es\/acogida-y-centros-espirituales\/","url":"https:\/\/test.banneux-nd.be\/es\/acogida-y-centros-espirituales\/","name":"Acogida y centros espirituales - Banneux Notre-Dame","isPartOf":{"@id":"https:\/\/test.banneux-nd.be\/es\/#website"},"primaryImageOfPage":{"@id":"https:\/\/test.banneux-nd.be\/es\/acogida-y-centros-espirituales\/#primaryimage"},"image":{"@id":"https:\/\/test.banneux-nd.be\/es\/acogida-y-centros-espirituales\/#primaryimage"},"thumbnailUrl":"https:\/\/test.banneux-nd.be\/wp-content\/uploads\/2018\/08\/Chaityfontaine-PF.jpg","datePublished":"2021-04-02T07:53:18+00:00","dateModified":"2024-01-11T10:15:00+00:00","breadcrumb":{"@id":"https:\/\/test.banneux-nd.be\/es\/acogida-y-centros-espirituales\/#breadcrumb"},"inLanguage":"es","potentialAction":[{"@type":"ReadAction","target":["https:\/\/test.banneux-nd.be\/es\/acogida-y-centros-espirituales\/"]}]},{"@type":"ImageObject","inLanguage":"es","@id":"https:\/\/test.banneux-nd.be\/es\/acogida-y-centros-espirituales\/#primaryimage","url":"https:\/\/test.banneux-nd.be\/wp-content\/uploads\/2018\/08\/Chaityfontaine-PF.jpg","contentUrl":"https:\/\/test.banneux-nd.be\/wp-content\/uploads\/2018\/08\/Chaityfontaine-PF.jpg"},{"@type":"BreadcrumbList","@id":"https:\/\/test.banneux-nd.be\/es\/acogida-y-centros-espirituales\/#breadcrumb","itemListElement":[{"@type":"ListItem","position":1,"name":"Accueil","item":"https:\/\/test.banneux-nd.be\/es\/"},{"@type":"ListItem","position":2,"name":"Acogida y centros espirituales"}]},{"@type":"WebSite","@id":"https:\/\/test.banneux-nd.be\/es\/#website","url":"https:\/\/test.banneux-nd.be\/es\/","name":"Banneux Notre-Dame","description":"Sanctuaire de la Vierge des Pauvres (Belgique)","potentialAction":[{"@type":"SearchAction","target":{"@type":"EntryPoint","urlTemplate":"https:\/\/test.banneux-nd.be\/es\/?s={search_term_string}"},"query-input":{"@type":"PropertyValueSpecification","valueRequired":true,"valueName":"search_term_string"}}],"inLanguage":"es"}]}},"coauthors":[],"author_meta":{"author_link":"https:\/\/test.banneux-nd.be\/es\/author\/adminfr\/","display_name":"adminFR"},"relative_dates":{"created":"Publicado 5 a\u00f1os hace","modified":"Actualizado 2 a\u00f1os hace"},"absolute_dates":{"created":"Publicado el 2 abril 2021","modified":"Actualizado el 11 enero 2024"},"absolute_dates_time":{"created":"Publicado el 2 abril 2021 9 h 53 min","modified":"Actualizado el 11 enero 2024 11 h 15 min"},"featured_img_caption":"","featured_img":false,"series_order":"","_links":{"self":[{"href":"https:\/\/test.banneux-nd.be\/es\/wp-json\/wp\/v2\/pages\/14802"}],"collection":[{"href":"https:\/\/test.banneux-nd.be\/es\/wp-json\/wp\/v2\/pages"}],"about":[{"href":"https:\/\/test.banneux-nd.be\/es\/wp-json\/wp\/v2\/types\/page"}],"author":[{"embeddable":true,"href":"https:\/\/test.banneux-nd.be\/es\/wp-json\/wp\/v2\/users\/2"}],"replies":[{"embeddable":true,"href":"https:\/\/test.banneux-nd.be\/es\/wp-json\/wp\/v2\/comments?post=14802"}],"version-history":[{"count":3,"href":"https:\/\/test.banneux-nd.be\/es\/wp-json\/wp\/v2\/pages\/14802\/revisions"}],"predecessor-version":[{"id":18217,"href":"https:\/\/test.banneux-nd.be\/es\/wp-json\/wp\/v2\/pages\/14802\/revisions\/18217"}],"wp:attachment":[{"href":"https:\/\/test.banneux-nd.be\/es\/wp-json\/wp\/v2\/media?parent=14802"}],"curies":[{"name":"wp","href":"https:\/\/api.w.org\/{rel}","templated":true}]}}