{"id":76,"date":"2015-07-19T22:45:46","date_gmt":"2015-07-19T20:45:46","guid":{"rendered":"http:\/\/wwwwp.banneux-nd.be\/contacts\/"},"modified":"2022-04-24T14:06:20","modified_gmt":"2022-04-24T12:06:20","slug":"contacts","status":"publish","type":"page","link":"https:\/\/test.banneux-nd.be\/es\/contacts\/","title":{"rendered":"Contacts"},"content":{"rendered":"<table style=\"width: 645px;\" border=\"1\" cellspacing=\"1\" cellpadding=\"1\">\n<tbody>\n<tr>\n<td class=\"rtecenter\" style=\"width: 116px;\">\n<p style=\"text-align: center;\"><span style=\"font-size: 12pt;\"><strong>Secteur<\/strong><\/span><\/p>\n<\/td>\n<td class=\"rtecenter\" style=\"width: 124px;\">\n<p style=\"text-align: center;\"><span style=\"font-size: 12pt;\"><strong>Responsable<\/strong><\/span><\/p>\n<\/td>\n<td class=\"rtecenter\" style=\"width: 145px;\">\n<p style=\"text-align: center;\"><span style=\"font-size: 12pt;\"><strong>T\u00e9l\u00e9phone<\/strong><\/span><\/p>\n<\/td>\n<td class=\"rtecenter\" style=\"width: 10px;\">\n<p style=\"text-align: center;\"><span style=\"font-size: 12pt;\"><strong>Courriel<\/strong><\/span><\/p>\n<\/td>\n<\/tr>\n<tr>\n<td class=\"rtecenter\" style=\"width: 116px; text-align: center;\"><span style=\"font-size: 12pt;\">Rectorat<\/span><\/td>\n<td class=\"rtecenter\" style=\"width: 124px;\">\n<p style=\"text-align: center;\"><span style=\"font-size: 12pt;\">Abb\u00e9 Leo Palm<\/span><\/p>\n<\/td>\n<td class=\"rtecenter\" style=\"width: 145px;\">\n<p style=\"text-align: center;\"><span style=\"font-size: 12pt;\">+32 4 360 02 22<\/span><\/p>\n<\/td>\n<td class=\"rtecenter\" style=\"width: 10px;\">\n<p style=\"text-align: center;\"><span style=\"font-size: 12pt;\">rectorat@banneux-nd.be<\/span><\/p>\n<\/td>\n<\/tr>\n<tr>\n<td class=\"rtecenter\" style=\"width: 116px; text-align: center;\"><span style=\"font-size: 12pt;\">Secr\u00e9tariat<br \/>\ng\u00e9n\u00e9ral<\/span><\/td>\n<td class=\"rtecenter\" style=\"width: 124px;\"><span style=\"font-size: 12pt;\">\u00a0<\/span><\/td>\n<td class=\"rtecenter\" style=\"width: 145px;\">\n<p style=\"text-align: center;\"><span style=\"font-size: 12pt;\">+32 4 360 02 22<\/span><\/p>\n<p style=\"text-align: center;\"><span style=\"font-size: 12pt;\">Fax<br \/>\n+32 4 360 82 39<\/span><\/p>\n<\/td>\n<td class=\"rtecenter\" style=\"width: 10px;\">\n<p style=\"text-align: center;\"><span style=\"font-size: 12pt;\">sanctuaire@banneux-nd.be<\/span><\/p>\n<\/td>\n<\/tr>\n<tr>\n<td class=\"rtecenter\" style=\"width: 116px;\">\n<p style=\"text-align: center;\"><span style=\"font-size: 12pt;\">Inscriptions<br \/>\n<\/span><span style=\"font-size: 12pt;\">des p\u00e8lerinages<\/span><\/p>\n<\/td>\n<td class=\"rtecenter\" style=\"width: 124px; text-align: center;\"><span style=\"font-size: 12pt;\">\u00a0Erika Hack<\/span><\/td>\n<td class=\"rtecenter\" style=\"width: 145px;\">\n<p style=\"text-align: center;\"><span style=\"font-size: 12pt;\">+32 4 360 02 39<\/span><\/p>\n<\/td>\n<td class=\"rtecenter\" style=\"width: 10px;\">\n<p style=\"text-align: center;\"><span style=\"font-size: 12pt;\">sanctuaire@banneux-nd.be<\/span><\/p>\n<\/td>\n<\/tr>\n<tr>\n<td class=\"rtecenter\" style=\"width: 116px; text-align: center;\"><span style=\"font-size: 12pt;\">Deutschsprachige Pilger<\/span><\/td>\n<td class=\"rtecenter\" style=\"width: 124px; text-align: center;\"><span style=\"font-size: 12pt;\">\u00a0Erika Hack<\/span><\/p>\n<p><span style=\"font-size: 12pt;\">Marleen Backes<\/span><\/td>\n<td class=\"rtecenter\" style=\"width: 145px;\">\n<p style=\"text-align: center;\"><span style=\"font-size: 12pt;\">+32 4 360 02 39<\/span><\/p>\n<\/td>\n<td class=\"rtecenter\" style=\"width: 10px;\">\n<p style=\"text-align: center;\"><span style=\"font-size: 12pt;\">pilger@banneux-nd.be<\/span><\/p>\n<\/td>\n<\/tr>\n<tr>\n<td class=\"rtecenter\" style=\"width: 116px; text-align: center;\"><span style=\"font-size: 12pt;\">Nederlandstalige pelgrims<\/span><\/td>\n<td class=\"rtecenter\" style=\"width: 124px; text-align: center;\"><span style=\"font-size: 12pt;\">\u00a0Erika Hack<\/span><\/td>\n<td class=\"rtecenter\" style=\"width: 145px; text-align: center;\"><span style=\"font-size: 12pt;\">\u00a0+32 4 360 02 39<\/span><\/td>\n<td class=\"rtecenter\" style=\"width: 10px; text-align: center;\"><span style=\"font-size: 12pt;\">kapelaan@banneux-nd.be<\/span><\/td>\n<\/tr>\n<tr>\n<td class=\"rtecenter\" style=\"width: 116px; text-align: center;\"><span style=\"font-size: 12pt;\">Secr\u00e9tariat international<\/span><\/td>\n<td class=\"rtecenter\" style=\"width: 124px;\">\n<p style=\"text-align: center;\"><span style=\"font-size: 12pt;\">Fabian Delarbre<\/span><\/p>\n<\/td>\n<td class=\"rtecenter\" style=\"width: 145px;\">\n<p style=\"text-align: center;\"><span style=\"font-size: 12pt;\">+32 4 360 02 02<\/span><\/p>\n<\/td>\n<td class=\"rtecenter\" style=\"width: 10px;\">\n<p style=\"text-align: center;\"><span style=\"font-size: 12pt;\">international@banneux-nd.be<\/span><\/p>\n<\/td>\n<\/tr>\n<tr>\n<td class=\"rtecenter\" style=\"width: 116px; text-align: center;\"><span style=\"font-size: 12pt;\">Liturgie<\/span><\/td>\n<td class=\"rtecenter\" style=\"width: 124px;\">\n<p style=\"text-align: center;\"><span style=\"font-size: 12pt;\">Fabian Delarbre<\/span><\/p>\n<\/td>\n<td class=\"rtecenter\" style=\"width: 145px;\">\n<p style=\"text-align: center;\"><span style=\"font-size: 12pt;\">+32 4 360 02 22<\/span><\/p>\n<\/td>\n<td class=\"rtecenter\" style=\"width: 10px;\">\n<p style=\"text-align: center;\"><span style=\"font-size: 12pt;\">liturgie@banneux-nd.be<\/span><\/p>\n<\/td>\n<\/tr>\n<tr>\n<td class=\"rtecenter\" style=\"width: 116px; text-align: center;\"><span style=\"font-size: 12pt;\">\u00c9conomat<\/span><\/td>\n<td class=\"rtecenter\" style=\"width: 124px;\">\n<p style=\"text-align: center;\"><span style=\"font-size: 12pt;\">Christine Palm<\/span><\/p>\n<p style=\"text-align: center;\"><span style=\"font-size: 12pt;\">Laure Malherbe<\/span><\/p>\n<p style=\"text-align: center;\"><span style=\"font-size: 12pt;\">C\u00e9cile de Ville<\/span><\/p>\n<\/td>\n<td class=\"rtecenter\" style=\"width: 145px;\">\n<p style=\"text-align: center;\"><span style=\"font-size: 12pt;\">+32 4 360 02 22<\/span><\/p>\n<\/td>\n<td class=\"rtecenter\" style=\"width: 10px;\">\n<p style=\"text-align: center;\"><span style=\"font-size: 12pt;\">economat@banneux-nd.be<\/span><\/p>\n<\/td>\n<\/tr>\n<tr>\n<td class=\"rtecenter\" style=\"width: 116px; text-align: center;\"><span style=\"font-size: 12pt;\">Jeunesse<\/span><\/td>\n<td class=\"rtecenter\" style=\"width: 124px; text-align: center;\"><span style=\"font-size: 12pt;\">\u00a0Abb\u00e9 Heinz Schneider<\/span><\/td>\n<td class=\"rtecenter\" style=\"width: 145px; text-align: center;\"><span style=\"font-size: 12pt;\">\u00a0+32 4 360 02 22<\/span><\/td>\n<td class=\"rtecenter\" style=\"width: 10px;\">\n<p style=\"text-align: center;\"><span style=\"font-size: 12pt;\">jeunes@banneux-nd.be<\/span><\/p>\n<\/td>\n<\/tr>\n<tr>\n<td class=\"rtecenter\" style=\"width: 116px; text-align: center;\"><span style=\"font-size: 12pt;\">Technique et logistique<\/span><\/td>\n<td class=\"rtecenter\" style=\"width: 124px;\">\n<p style=\"text-align: center;\"><span style=\"font-size: 12pt;\">Guy Delrez<\/span><\/p>\n<\/td>\n<td class=\"rtecenter\" style=\"width: 145px; text-align: center;\"><span style=\"font-size: 12pt;\">+32 4 360 02 22<\/span><\/td>\n<td class=\"rtecenter\" style=\"width: 10px;\">\n<p style=\"text-align: center;\"><span style=\"font-size: 12pt;\">technique@banneux-nd.be<\/span><\/p>\n<\/td>\n<\/tr>\n<tr>\n<td class=\"rtecenter\" style=\"width: 116px; text-align: center;\"><span style=\"font-size: 12pt;\">Presse<br \/>\nSite internet<\/span><\/td>\n<td class=\"rtecenter\" style=\"width: 124px;\">\n<p style=\"text-align: center;\"><span style=\"font-size: 12pt;\">Fabian Delarbre<\/span><\/p>\n<\/td>\n<td class=\"rtecenter\" style=\"width: 145px; text-align: center;\"><span style=\"font-size: 12pt;\">+32 477 62 82 50<\/span><\/td>\n<td class=\"rtecenter\" style=\"width: 10px;\">\n<p style=\"text-align: center;\"><span style=\"font-size: 12pt;\">presse@banneux-nd.be<\/span><\/p>\n<\/td>\n<\/tr>\n<\/tbody>\n<\/table>\n","protected":false},"excerpt":{"rendered":"<p>Secteur Responsable T\u00e9l\u00e9phone Courriel Rectorat Abb\u00e9 Leo Palm +32 4 360 02 22 rectorat@banneux-nd.be Secr\u00e9tariat g\u00e9n\u00e9ral \u00a0 +32 4 360 02 22 Fax +32 4 360 82 39 sanctuaire@banneux-nd.be Inscriptions des p\u00e8lerinages \u00a0Erika Hack +32 4 360 02 39 sanctuaire@banneux-nd.be Deutschsprachige Pilger \u00a0Erika Hack Marleen Backes +32 4 360 02 39 pilger@banneux-nd.be Nederlandstalige pelgrims \u00a0Erika Hack \u00a0+32 4 360 02 39 kapelaan@banneux-nd.be Secr\u00e9tariat international Fabian Delarbre +32 4 360 02 02 international@banneux-nd.be Liturgie Fabian Delarbre +32 4 360 02 22 liturgie@banneux-nd.be \u00c9conomat Christine Palm Laure Malherbe C\u00e9cile de Ville +32 4 360 02 22 economat@banneux-nd.be Jeunesse \u00a0Abb\u00e9 Heinz Schneider \u00a0+32 4 360 02 22 jeunes@banneux-nd.be Technique et logistique Guy Delrez +32 4 360 02 22 technique@banneux-nd.be Presse Site internet Fabian&hellip;<\/p>\n","protected":false},"author":2,"featured_media":0,"parent":0,"menu_order":0,"comment_status":"closed","ping_status":"closed","template":"","meta":{"advgb_blocks_editor_width":"","advgb_blocks_columns_visual_guide":"","footnotes":""},"class_list":["post-76","page","type-page","status-publish","hentry"],"yoast_head":"<!-- This site is optimized with the Yoast SEO plugin v25.6 - https:\/\/yoast.com\/wordpress\/plugins\/seo\/ -->\n<title>Contacts - Banneux Notre-Dame<\/title>\n<meta name=\"robots\" content=\"index, follow, max-snippet:-1, max-image-preview:large, max-video-preview:-1\" \/>\n<link rel=\"canonical\" href=\"https:\/\/test.banneux-nd.be\/es\/contacts\/\" \/>\n<meta property=\"og:locale\" content=\"es_ES\" \/>\n<meta property=\"og:type\" content=\"article\" \/>\n<meta property=\"og:title\" content=\"Contacts - Banneux Notre-Dame\" \/>\n<meta property=\"og:description\" content=\"Secteur Responsable T\u00e9l\u00e9phone Courriel Rectorat Abb\u00e9 Leo Palm +32 4 360 02 22 rectorat@banneux-nd.be Secr\u00e9tariat g\u00e9n\u00e9ral \u00a0 +32 4 360 02 22 Fax +32 4 360 82 39 sanctuaire@banneux-nd.be Inscriptions des p\u00e8lerinages \u00a0Erika Hack +32 4 360 02 39 sanctuaire@banneux-nd.be Deutschsprachige Pilger \u00a0Erika Hack Marleen Backes +32 4 360 02 39 pilger@banneux-nd.be Nederlandstalige pelgrims \u00a0Erika Hack \u00a0+32 4 360 02 39 kapelaan@banneux-nd.be Secr\u00e9tariat international Fabian Delarbre +32 4 360 02 02 international@banneux-nd.be Liturgie Fabian Delarbre +32 4 360 02 22 liturgie@banneux-nd.be \u00c9conomat Christine Palm Laure Malherbe C\u00e9cile de Ville +32 4 360 02 22 economat@banneux-nd.be Jeunesse \u00a0Abb\u00e9 Heinz Schneider \u00a0+32 4 360 02 22 jeunes@banneux-nd.be Technique et logistique Guy Delrez +32 4 360 02 22 technique@banneux-nd.be Presse Site internet Fabian&hellip;\" \/>\n<meta property=\"og:url\" content=\"https:\/\/test.banneux-nd.be\/es\/contacts\/\" \/>\n<meta property=\"og:site_name\" content=\"Banneux Notre-Dame\" \/>\n<meta property=\"article:publisher\" content=\"https:\/\/www.facebook.com\/NDBanneux\/\" \/>\n<meta property=\"article:modified_time\" content=\"2022-04-24T12:06:20+00:00\" \/>\n<meta name=\"twitter:card\" content=\"summary_large_image\" \/>\n<meta name=\"twitter:label1\" content=\"Tiempo de lectura\" \/>\n\t<meta name=\"twitter:data1\" content=\"1 minuto\" \/>\n<script type=\"application\/ld+json\" class=\"yoast-schema-graph\">{\"@context\":\"https:\/\/schema.org\",\"@graph\":[{\"@type\":\"WebPage\",\"@id\":\"https:\/\/test.banneux-nd.be\/es\/contacts\/\",\"url\":\"https:\/\/test.banneux-nd.be\/es\/contacts\/\",\"name\":\"Contacts - Banneux Notre-Dame\",\"isPartOf\":{\"@id\":\"https:\/\/test.banneux-nd.be\/es\/#website\"},\"datePublished\":\"2015-07-19T20:45:46+00:00\",\"dateModified\":\"2022-04-24T12:06:20+00:00\",\"breadcrumb\":{\"@id\":\"https:\/\/test.banneux-nd.be\/es\/contacts\/#breadcrumb\"},\"inLanguage\":\"es\",\"potentialAction\":[{\"@type\":\"ReadAction\",\"target\":[\"https:\/\/test.banneux-nd.be\/es\/contacts\/\"]}]},{\"@type\":\"BreadcrumbList\",\"@id\":\"https:\/\/test.banneux-nd.be\/es\/contacts\/#breadcrumb\",\"itemListElement\":[{\"@type\":\"ListItem\",\"position\":1,\"name\":\"Accueil\",\"item\":\"https:\/\/test.banneux-nd.be\/es\/\"},{\"@type\":\"ListItem\",\"position\":2,\"name\":\"Contacts\"}]},{\"@type\":\"WebSite\",\"@id\":\"https:\/\/test.banneux-nd.be\/es\/#website\",\"url\":\"https:\/\/test.banneux-nd.be\/es\/\",\"name\":\"Banneux Notre-Dame\",\"description\":\"Sanctuaire de la Vierge des Pauvres (Belgique)\",\"potentialAction\":[{\"@type\":\"SearchAction\",\"target\":{\"@type\":\"EntryPoint\",\"urlTemplate\":\"https:\/\/test.banneux-nd.be\/es\/?s={search_term_string}\"},\"query-input\":{\"@type\":\"PropertyValueSpecification\",\"valueRequired\":true,\"valueName\":\"search_term_string\"}}],\"inLanguage\":\"es\"}]}<\/script>\n<!-- \/ Yoast SEO plugin. -->","yoast_head_json":{"title":"Contacts - Banneux Notre-Dame","robots":{"index":"index","follow":"follow","max-snippet":"max-snippet:-1","max-image-preview":"max-image-preview:large","max-video-preview":"max-video-preview:-1"},"canonical":"https:\/\/test.banneux-nd.be\/es\/contacts\/","og_locale":"es_ES","og_type":"article","og_title":"Contacts - Banneux Notre-Dame","og_description":"Secteur Responsable T\u00e9l\u00e9phone Courriel Rectorat Abb\u00e9 Leo Palm +32 4 360 02 22 rectorat@banneux-nd.be Secr\u00e9tariat g\u00e9n\u00e9ral \u00a0 +32 4 360 02 22 Fax +32 4 360 82 39 sanctuaire@banneux-nd.be Inscriptions des p\u00e8lerinages \u00a0Erika Hack +32 4 360 02 39 sanctuaire@banneux-nd.be Deutschsprachige Pilger \u00a0Erika Hack Marleen Backes +32 4 360 02 39 pilger@banneux-nd.be Nederlandstalige pelgrims \u00a0Erika Hack \u00a0+32 4 360 02 39 kapelaan@banneux-nd.be Secr\u00e9tariat international Fabian Delarbre +32 4 360 02 02 international@banneux-nd.be Liturgie Fabian Delarbre +32 4 360 02 22 liturgie@banneux-nd.be \u00c9conomat Christine Palm Laure Malherbe C\u00e9cile de Ville +32 4 360 02 22 economat@banneux-nd.be Jeunesse \u00a0Abb\u00e9 Heinz Schneider \u00a0+32 4 360 02 22 jeunes@banneux-nd.be Technique et logistique Guy Delrez +32 4 360 02 22 technique@banneux-nd.be Presse Site internet Fabian&hellip;","og_url":"https:\/\/test.banneux-nd.be\/es\/contacts\/","og_site_name":"Banneux Notre-Dame","article_publisher":"https:\/\/www.facebook.com\/NDBanneux\/","article_modified_time":"2022-04-24T12:06:20+00:00","twitter_card":"summary_large_image","twitter_misc":{"Tiempo de lectura":"1 minuto"},"schema":{"@context":"https:\/\/schema.org","@graph":[{"@type":"WebPage","@id":"https:\/\/test.banneux-nd.be\/es\/contacts\/","url":"https:\/\/test.banneux-nd.be\/es\/contacts\/","name":"Contacts - Banneux Notre-Dame","isPartOf":{"@id":"https:\/\/test.banneux-nd.be\/es\/#website"},"datePublished":"2015-07-19T20:45:46+00:00","dateModified":"2022-04-24T12:06:20+00:00","breadcrumb":{"@id":"https:\/\/test.banneux-nd.be\/es\/contacts\/#breadcrumb"},"inLanguage":"es","potentialAction":[{"@type":"ReadAction","target":["https:\/\/test.banneux-nd.be\/es\/contacts\/"]}]},{"@type":"BreadcrumbList","@id":"https:\/\/test.banneux-nd.be\/es\/contacts\/#breadcrumb","itemListElement":[{"@type":"ListItem","position":1,"name":"Accueil","item":"https:\/\/test.banneux-nd.be\/es\/"},{"@type":"ListItem","position":2,"name":"Contacts"}]},{"@type":"WebSite","@id":"https:\/\/test.banneux-nd.be\/es\/#website","url":"https:\/\/test.banneux-nd.be\/es\/","name":"Banneux Notre-Dame","description":"Sanctuaire de la Vierge des Pauvres (Belgique)","potentialAction":[{"@type":"SearchAction","target":{"@type":"EntryPoint","urlTemplate":"https:\/\/test.banneux-nd.be\/es\/?s={search_term_string}"},"query-input":{"@type":"PropertyValueSpecification","valueRequired":true,"valueName":"search_term_string"}}],"inLanguage":"es"}]}},"coauthors":[],"author_meta":{"author_link":"https:\/\/test.banneux-nd.be\/es\/author\/adminfr\/","display_name":"adminFR"},"relative_dates":{"created":"Publicado 11 a\u00f1os hace","modified":"Actualizado 4 a\u00f1os hace"},"absolute_dates":{"created":"Publicado el 19 julio 2015","modified":"Actualizado el 24 abril 2022"},"absolute_dates_time":{"created":"Publicado el 19 julio 2015 22 h 45 min","modified":"Actualizado el 24 abril 2022 14 h 06 min"},"featured_img_caption":"","featured_img":false,"series_order":"","_links":{"self":[{"href":"https:\/\/test.banneux-nd.be\/es\/wp-json\/wp\/v2\/pages\/76"}],"collection":[{"href":"https:\/\/test.banneux-nd.be\/es\/wp-json\/wp\/v2\/pages"}],"about":[{"href":"https:\/\/test.banneux-nd.be\/es\/wp-json\/wp\/v2\/types\/page"}],"author":[{"embeddable":true,"href":"https:\/\/test.banneux-nd.be\/es\/wp-json\/wp\/v2\/users\/2"}],"replies":[{"embeddable":true,"href":"https:\/\/test.banneux-nd.be\/es\/wp-json\/wp\/v2\/comments?post=76"}],"version-history":[{"count":7,"href":"https:\/\/test.banneux-nd.be\/es\/wp-json\/wp\/v2\/pages\/76\/revisions"}],"predecessor-version":[{"id":16606,"href":"https:\/\/test.banneux-nd.be\/es\/wp-json\/wp\/v2\/pages\/76\/revisions\/16606"}],"wp:attachment":[{"href":"https:\/\/test.banneux-nd.be\/es\/wp-json\/wp\/v2\/media?parent=76"}],"curies":[{"name":"wp","href":"https:\/\/api.w.org\/{rel}","templated":true}]}}